{"id":1171,"date":"2022-12-20T00:05:48","date_gmt":"2022-12-20T00:05:48","guid":{"rendered":"https:\/\/rexfabold.excite.cloud\/service\/"},"modified":"2024-12-20T16:06:31","modified_gmt":"2024-12-20T16:06:31","slug":"service","status":"publish","type":"page","link":"https:\/\/rexfabold.excite.cloud\/fr-ca\/service\/","title":{"rendered":"Service"},"content":{"rendered":"<p>[et_pb_section fb_built=\u00a0\u00bb1&Prime; _builder_version=\u00a0\u00bb4.21.0&Prime; _module_preset=\u00a0\u00bbdefault\u00a0\u00bb background_image=\u00a0\u00bbhttps:\/\/rexfabold.excite.cloud\/wp-content\/uploads\/2024\/12\/Triangles-Banner-Rexfab-Remastered.jpg\u00a0\u00bb hover_enabled=\u00a0\u00bb0&Prime; global_colors_info=\u00a0\u00bb{}\u00a0\u00bb title_text=\u00a0\u00bbTriangles-Banner-Rexfab-Remastered\u00a0\u00bb sticky_enabled=\u00a0\u00bb0&Prime;][et_pb_row custom_padding_last_edited=\u00a0\u00bbon|phone\u00a0\u00bb _builder_version=\u00a0\u00bb4.19.3&Prime; _module_preset=\u00a0\u00bbdefault\u00a0\u00bb custom_padding=\u00a0\u00bb88px||88px||true|false\u00a0\u00bb custom_padding_tablet=\u00a0\u00bb88px||88px||true|false\u00a0\u00bb custom_padding_phone=\u00a0\u00bb14px||14px||true|false\u00a0\u00bb scroll_fade_enable=\u00a0\u00bbon\u00a0\u00bb motion_trigger_start=\u00a0\u00bbtop\u00a0\u00bb global_colors_info=\u00a0\u00bb{}\u00a0\u00bb][et_pb_column type=\u00a0\u00bb4_4&Prime; _builder_version=\u00a0\u00bb4.19.3&Prime; _module_preset=\u00a0\u00bbdefault\u00a0\u00bb global_colors_info=\u00a0\u00bb{}\u00a0\u00bb][et_pb_image src=\u00a0\u00bbhttps:\/\/rexfabold.excite.cloud\/wp-content\/uploads\/2022\/12\/triangle-accent-white.png\u00a0\u00bb title_text=\u00a0\u00bbtriangle-accent-white\u00a0\u00bb align=\u00a0\u00bbcenter\u00a0\u00bb _builder_version=\u00a0\u00bb4.19.3&Prime; _module_preset=\u00a0\u00bbdefault\u00a0\u00bb custom_margin=\u00a0\u00bb||0px||false|false\u00a0\u00bb global_colors_info=\u00a0\u00bb{}\u00a0\u00bb][\/et_pb_image][et_pb_text _builder_version=\u00a0\u00bb4.21.0&Prime; _module_preset=\u00a0\u00bbdefault\u00a0\u00bb header_font=\u00a0\u00bb|700|||||||\u00a0\u00bb header_text_align=\u00a0\u00bbcenter\u00a0\u00bb header_text_color=\u00a0\u00bb#FFFFFF\u00a0\u00bb header_font_size=\u00a0\u00bb38px\u00a0\u00bb header_line_height=\u00a0\u00bb1.2em\u00a0\u00bb header_5_text_align=\u00a0\u00bbcenter\u00a0\u00bb header_5_text_color=\u00a0\u00bb#FFFFFF\u00a0\u00bb header_5_font_size=\u00a0\u00bb20px\u00a0\u00bb header_5_line_height=\u00a0\u00bb1.3em\u00a0\u00bb global_colors_info=\u00a0\u00bb{}\u00a0\u00bb]<\/p>\n<h1>Urgences &#8211; appelez ce num\u00e9ro :<\/h1>\n<h1>+1-819-846-4490, option 3<\/h1>\n<p>[\/et_pb_text][\/et_pb_column][\/et_pb_row][\/et_pb_section][et_pb_section fb_built=\u00a0\u00bb1&Prime; disabled_on=\u00a0\u00bbon|on|on\u00a0\u00bb _builder_version=\u00a0\u00bb4.21.0&Prime; _module_preset=\u00a0\u00bbdefault\u00a0\u00bb use_background_color_gradient=\u00a0\u00bbon\u00a0\u00bb background_color_gradient_stops=\u00a0\u00bb#000000 0%|#5b5b5b 100%\u00a0\u00bb disabled=\u00a0\u00bbon\u00a0\u00bb global_colors_info=\u00a0\u00bb{}\u00a0\u00bb][et_pb_row _builder_version=\u00a0\u00bb4.19.4&Prime; _module_preset=\u00a0\u00bbdefault\u00a0\u00bb max_width=\u00a0\u00bb913px\u00a0\u00bb max_width_tablet=\u00a0\u00bb913px\u00a0\u00bb max_width_phone=\u00a0\u00bb913px\u00a0\u00bb max_width_last_edited=\u00a0\u00bbon|phone\u00a0\u00bb scroll_fade_enable=\u00a0\u00bbon\u00a0\u00bb scroll_fade=\u00a0\u00bb0|50|50|50|0|100|100&Prime; global_colors_info=\u00a0\u00bb{}\u00a0\u00bb][et_pb_column type=\u00a0\u00bb4_4&Prime; _builder_version=\u00a0\u00bb4.19.3&Prime; _module_preset=\u00a0\u00bbdefault\u00a0\u00bb global_colors_info=\u00a0\u00bb{}\u00a0\u00bb][et_pb_text _builder_version=\u00a0\u00bb4.20.4&Prime; _module_preset=\u00a0\u00bbdefault\u00a0\u00bb header_font=\u00a0\u00bb|700|||||||\u00a0\u00bb header_text_align=\u00a0\u00bbcenter\u00a0\u00bb header_text_color=\u00a0\u00bb#00b1f0&Prime; header_font_size=\u00a0\u00bb38px\u00a0\u00bb header_2_font=\u00a0\u00bb|700|||||||\u00a0\u00bb header_2_text_align=\u00a0\u00bbcenter\u00a0\u00bb header_2_text_color=\u00a0\u00bb#00b1f0&Prime; header_2_font_size=\u00a0\u00bb30px\u00a0\u00bb header_2_line_height=\u00a0\u00bb1.2em\u00a0\u00bb header_5_text_align=\u00a0\u00bbcenter\u00a0\u00bb header_5_text_color=\u00a0\u00bb#FFFFFF\u00a0\u00bb header_5_font_size=\u00a0\u00bb20px\u00a0\u00bb header_5_line_height=\u00a0\u00bb1.3em\u00a0\u00bb global_colors_info=\u00a0\u00bb{}\u00a0\u00bb]<\/p>\n<h2>ENGAG\u00c9S \u00c0 AVOIR ET RESPECTER LA CONFIANCE DE NOS CLIENTS<\/h2>\n<p>[\/et_pb_text][et_pb_text _builder_version=\u00a0\u00bb4.20.4&Prime; _module_preset=\u00a0\u00bbdefault\u00a0\u00bb text_text_color=\u00a0\u00bb#ffffff\u00a0\u00bb text_font_size=\u00a0\u00bb16px\u00a0\u00bb text_line_height=\u00a0\u00bb1.4em\u00a0\u00bb text_orientation=\u00a0\u00bbcenter\u00a0\u00bb max_width_tablet=\u00a0\u00bb\u00a0\u00bb max_width_phone=\u00a0\u00bb\u00a0\u00bb max_width_last_edited=\u00a0\u00bbon|desktop\u00a0\u00bb module_alignment=\u00a0\u00bbcenter\u00a0\u00bb global_colors_info=\u00a0\u00bb{}\u00a0\u00bb]<\/p>\n<p>Nous souhaitons automatiser tous nos secteurs d&rsquo;activit\u00e9s, sauf un : le service. En tant que partenaire engag\u00e9, nos priorit\u00e9s sont les connexions et interactions humaines et non pas les syst\u00e8mes de r\u00e9ponses automatiques et la messagerie vocale.<\/p>\n<p>Nous sommes pr\u00e9sents du commencement, jusqu&rsquo;\u00e0 la fin. De vous conseiller et d\u00e9terminer vos besoins \u00e0 int\u00e9grer jusqu&rsquo;\u00e0 installer des solutions dans votre ligne de production et optimiser vos installations. Servir et aider nos clients sont l&rsquo;essence m\u00eame de Rexfab.<\/p>\n<p>[\/et_pb_text][et_pb_button button_url=\u00a0\u00bbhttps:\/\/portal.rexfab.com\/\u00a0\u00bb button_text=\u00a0\u00bbCLIQUEZ ICI POUR NOTRE PORTAIL CLIENT\u00a0\u00bb button_alignment=\u00a0\u00bbcenter\u00a0\u00bb disabled_on=\u00a0\u00bbon|on|on\u00a0\u00bb _builder_version=\u00a0\u00bb4.21.0&Prime; _module_preset=\u00a0\u00bbdefault\u00a0\u00bb custom_button=\u00a0\u00bbon\u00a0\u00bb button_text_size=\u00a0\u00bb16px\u00a0\u00bb button_text_color=\u00a0\u00bb#FFFFFF\u00a0\u00bb button_border_color=\u00a0\u00bb#FFFFFF\u00a0\u00bb button_font=\u00a0\u00bb|700|||||||\u00a0\u00bb button_use_icon=\u00a0\u00bboff\u00a0\u00bb disabled=\u00a0\u00bbon\u00a0\u00bb locked=\u00a0\u00bboff\u00a0\u00bb global_colors_info=\u00a0\u00bb{}\u00a0\u00bb button_bg_color__hover_enabled=\u00a0\u00bbon|hover\u00a0\u00bb button_bg_color__hover=\u00a0\u00bbRGBA(255,255,255,0)\u00a0\u00bb button_bg_enable_color__hover=\u00a0\u00bbon\u00a0\u00bb button_border_width__hover_enabled=\u00a0\u00bbon|hover\u00a0\u00bb button_border_width__hover=\u00a0\u00bb2px\u00a0\u00bb][\/et_pb_button][\/et_pb_column][\/et_pb_row][\/et_pb_section][et_pb_section fb_built=\u00a0\u00bb1&Prime; disabled_on=\u00a0\u00bbon|on|on\u00a0\u00bb _builder_version=\u00a0\u00bb4.21.0&Prime; _module_preset=\u00a0\u00bbdefault\u00a0\u00bb disabled=\u00a0\u00bbon\u00a0\u00bb global_colors_info=\u00a0\u00bb{}\u00a0\u00bb][et_pb_row _builder_version=\u00a0\u00bb4.19.4&Prime; _module_preset=\u00a0\u00bbdefault\u00a0\u00bb custom_padding=\u00a0\u00bb0px||0px||false|false\u00a0\u00bb scroll_fade_enable=\u00a0\u00bbon\u00a0\u00bb scroll_fade=\u00a0\u00bb0|50|50|50|0|100|100&Prime; global_colors_info=\u00a0\u00bb{}\u00a0\u00bb][et_pb_column type=\u00a0\u00bb4_4&Prime; _builder_version=\u00a0\u00bb4.19.4&Prime; _module_preset=\u00a0\u00bbdefault\u00a0\u00bb global_colors_info=\u00a0\u00bb{}\u00a0\u00bb][et_pb_text _builder_version=\u00a0\u00bb4.19.4&Prime; _module_preset=\u00a0\u00bbdefault\u00a0\u00bb header_font=\u00a0\u00bb|700|||||||\u00a0\u00bb header_text_align=\u00a0\u00bbcenter\u00a0\u00bb header_text_color=\u00a0\u00bb#00b1f0&Prime; header_font_size=\u00a0\u00bb38px\u00a0\u00bb header_2_font=\u00a0\u00bb|700|||||||\u00a0\u00bb header_2_text_align=\u00a0\u00bbcenter\u00a0\u00bb header_2_text_color=\u00a0\u00bb#000000&Prime; header_2_font_size=\u00a0\u00bb30px\u00a0\u00bb header_5_text_align=\u00a0\u00bbcenter\u00a0\u00bb header_5_text_color=\u00a0\u00bb#FFFFFF\u00a0\u00bb header_5_font_size=\u00a0\u00bb20px\u00a0\u00bb header_5_line_height=\u00a0\u00bb1.3em\u00a0\u00bb custom_margin=\u00a0\u00bb||0px||false|false\u00a0\u00bb locked=\u00a0\u00bboff\u00a0\u00bb global_colors_info=\u00a0\u00bb{}\u00a0\u00bb]<\/p>\n<h2>VENTES ET MARKETING<\/h2>\n<p>[\/et_pb_text][\/et_pb_column][\/et_pb_row][et_pb_row column_structure=\u00a0\u00bb1_3,1_3,1_3&Prime; use_custom_gutter=\u00a0\u00bbon\u00a0\u00bb gutter_width=\u00a0\u00bb2&Prime; make_equal=\u00a0\u00bbon\u00a0\u00bb _builder_version=\u00a0\u00bb4.19.4&Prime; _module_preset=\u00a0\u00bbdefault\u00a0\u00bb scroll_fade_enable=\u00a0\u00bbon\u00a0\u00bb scroll_fade=\u00a0\u00bb0|50|50|50|0|100|100&Prime; global_colors_info=\u00a0\u00bb{}\u00a0\u00bb][et_pb_column type=\u00a0\u00bb1_3&Prime; _builder_version=\u00a0\u00bb4.19.4&Prime; _module_preset=\u00a0\u00bbdefault\u00a0\u00bb global_colors_info=\u00a0\u00bb{}\u00a0\u00bb][et_pb_image src=\u00a0\u00bbhttps:\/\/rexfabold.excite.cloud\/wp-content\/uploads\/2022\/12\/louis-bernard.png\u00a0\u00bb alt=\u00a0\u00bbLouis-BerLouis-Bernard Meuniernard Meunier\u00a0\u00bb title_text=\u00a0\u00bbLouis-Bernard Meunier\u00a0\u00bb force_fullwidth=\u00a0\u00bbon\u00a0\u00bb _builder_version=\u00a0\u00bb4.19.4&Prime; _module_preset=\u00a0\u00bbdefault\u00a0\u00bb global_colors_info=\u00a0\u00bb{}\u00a0\u00bb][\/et_pb_image][et_pb_text _builder_version=\u00a0\u00bb4.21.0&Prime; _module_preset=\u00a0\u00bbdefault\u00a0\u00bb header_5_font=\u00a0\u00bb|700|||||||\u00a0\u00bb header_5_font_size=\u00a0\u00bb20px\u00a0\u00bb header_6_font_size=\u00a0\u00bb16px\u00a0\u00bb custom_padding=\u00a0\u00bb14px||||false|false\u00a0\u00bb locked=\u00a0\u00bboff\u00a0\u00bb global_colors_info=\u00a0\u00bb{}\u00a0\u00bb]<\/p>\n<h5>Louis-Bernard Meunier<\/h5>\n<h6><span>DIRECTEUR G\u00c9N\u00c9RAL DES OP\u00c9RATIONS<\/span><\/h6>\n<p>Louis-Bernard a occup\u00e9 des postes dans tous les secteurs de l&rsquo;entreprise et comprend les besoins des clients et comment les r\u00e9soudre. Avant-gardiste, il est toujours \u00e0 la recherche d&rsquo;am\u00e9liorations.<\/p>\n<p>[\/et_pb_text][\/et_pb_column][et_pb_column type=\u00a0\u00bb1_3&Prime; _builder_version=\u00a0\u00bb4.19.4&Prime; _module_preset=\u00a0\u00bbdefault\u00a0\u00bb global_colors_info=\u00a0\u00bb{}\u00a0\u00bb][et_pb_image src=\u00a0\u00bbhttps:\/\/rexfabold.excite.cloud\/wp-content\/uploads\/2022\/12\/patrice-painchaud.jpeg\u00a0\u00bb alt=\u00a0\u00bbPatrice Painchaud, P.Eng., MBA\u00a0\u00bb title_text=\u00a0\u00bbPatrice Painchaud, P.Eng., MBA\u00a0\u00bb force_fullwidth=\u00a0\u00bbon\u00a0\u00bb _builder_version=\u00a0\u00bb4.19.4&Prime; _module_preset=\u00a0\u00bbdefault\u00a0\u00bb global_colors_info=\u00a0\u00bb{}\u00a0\u00bb][\/et_pb_image][et_pb_text _builder_version=\u00a0\u00bb4.20.4&Prime; _module_preset=\u00a0\u00bbdefault\u00a0\u00bb header_5_font=\u00a0\u00bb|700|||||||\u00a0\u00bb header_5_font_size=\u00a0\u00bb20px\u00a0\u00bb header_6_font_size=\u00a0\u00bb16px\u00a0\u00bb custom_padding=\u00a0\u00bb14px||||false|false\u00a0\u00bb locked=\u00a0\u00bboff\u00a0\u00bb global_colors_info=\u00a0\u00bb{}\u00a0\u00bb]<\/p>\n<h5>Patrice Painchaud, Ing., MBA<\/h5>\n<h6>VP VENTES ET MARKETING<\/h6>\n<p>En tant qu&rsquo;expert chevronn\u00e9 en boulangeries avec 17 ans d&rsquo;exp\u00e9rience, l&rsquo;exp\u00e9rience de Patrice dans l&rsquo;industrie de la boulangerie est impressionnante. Il adopte une approche analytique pour d\u00e9velopper des solutions pour nos clients. Vous avez un d\u00e9fi pour lui?<\/p>\n<p>[\/et_pb_text][\/et_pb_column][et_pb_column type=\u00a0\u00bb1_3&Prime; _builder_version=\u00a0\u00bb4.19.4&Prime; _module_preset=\u00a0\u00bbdefault\u00a0\u00bb global_colors_info=\u00a0\u00bb{}\u00a0\u00bb][et_pb_image src=\u00a0\u00bbhttps:\/\/rexfabold.excite.cloud\/wp-content\/uploads\/2022\/12\/staff-james-bonatakis.jpg\u00a0\u00bb alt=\u00a0\u00bbJames Bonatakis\u00a0\u00bb title_text=\u00a0\u00bbJames Bonatakis\u00a0\u00bb align=\u00a0\u00bbcenter\u00a0\u00bb _builder_version=\u00a0\u00bb4.19.4&Prime; _module_preset=\u00a0\u00bbdefault\u00a0\u00bb global_colors_info=\u00a0\u00bb{}\u00a0\u00bb][\/et_pb_image][et_pb_text _builder_version=\u00a0\u00bb4.20.4&Prime; _module_preset=\u00a0\u00bbdefault\u00a0\u00bb header_5_font=\u00a0\u00bb|700|||||||\u00a0\u00bb header_5_font_size=\u00a0\u00bb20px\u00a0\u00bb header_6_font_size=\u00a0\u00bb16px\u00a0\u00bb custom_padding=\u00a0\u00bb14px||||false|false\u00a0\u00bb locked=\u00a0\u00bboff\u00a0\u00bb global_colors_info=\u00a0\u00bb{}\u00a0\u00bb]<\/p>\n<h5>James Bonatakis<\/h5>\n<h6>DIRECTEUR DES VENTES \u00c9TATS-UNIS<\/h6>\n<p>Expert en syst\u00e8mes d\u2019emballage pour les boulangeries, avec plus de 35 ans d\u2019exp\u00e9rience dans la vente dans l\u2019industrie de la boulangerie.<\/p>\n<p>[\/et_pb_text][\/et_pb_column][\/et_pb_row][et_pb_row column_structure=\u00a0\u00bb1_3,1_3,1_3&Prime; use_custom_gutter=\u00a0\u00bbon\u00a0\u00bb gutter_width=\u00a0\u00bb2&Prime; make_equal=\u00a0\u00bbon\u00a0\u00bb _builder_version=\u00a0\u00bb4.19.4&Prime; _module_preset=\u00a0\u00bbdefault\u00a0\u00bb scroll_fade_enable=\u00a0\u00bbon\u00a0\u00bb scroll_fade=\u00a0\u00bb0|50|50|50|0|100|100&Prime; global_colors_info=\u00a0\u00bb{}\u00a0\u00bb][et_pb_column type=\u00a0\u00bb1_3&Prime; _builder_version=\u00a0\u00bb4.19.4&Prime; _module_preset=\u00a0\u00bbdefault\u00a0\u00bb global_colors_info=\u00a0\u00bb{}\u00a0\u00bb][et_pb_image src=\u00a0\u00bbhttps:\/\/rexfabold.excite.cloud\/wp-content\/uploads\/2022\/12\/staff-bernardo-zermeno.jpg\u00a0\u00bb alt=\u00a0\u00bbBernardo Zerme\u00f1o\u00a0\u00bb title_text=\u00a0\u00bbBernardo Zerme\u00f1o\u00a0\u00bb align=\u00a0\u00bbcenter\u00a0\u00bb _builder_version=\u00a0\u00bb4.19.4&Prime; _module_preset=\u00a0\u00bbdefault\u00a0\u00bb global_colors_info=\u00a0\u00bb{}\u00a0\u00bb][\/et_pb_image][et_pb_text _builder_version=\u00a0\u00bb4.19.4&Prime; _module_preset=\u00a0\u00bbdefault\u00a0\u00bb header_5_font=\u00a0\u00bb|700|||||||\u00a0\u00bb header_5_font_size=\u00a0\u00bb20px\u00a0\u00bb header_6_font_size=\u00a0\u00bb16px\u00a0\u00bb custom_padding=\u00a0\u00bb14px||||false|false\u00a0\u00bb locked=\u00a0\u00bboff\u00a0\u00bb global_colors_info=\u00a0\u00bb{}\u00a0\u00bb]<\/p>\n<h5>Bernardo Zerme\u00f1o<\/h5>\n<h6><span>DIRECTEUR DU D\u00c9VELOPPEMENT CLIENT<\/span><\/h6>\n<p>Depuis 1996, Bernardo est sp\u00e9cialiste du marketing dans des entreprises alimentaires mondiales, dont Nestl\u00e9, General Mills et Bimbo. Il comprend que le travail principal d&rsquo;une boulangerie est de servir ses clients et ses consommateurs.<\/p>\n<p>[\/et_pb_text][\/et_pb_column][et_pb_column type=\u00a0\u00bb1_3&Prime; _builder_version=\u00a0\u00bb4.19.4&Prime; _module_preset=\u00a0\u00bbdefault\u00a0\u00bb global_colors_info=\u00a0\u00bb{}\u00a0\u00bb][\/et_pb_column][et_pb_column type=\u00a0\u00bb1_3&Prime; _builder_version=\u00a0\u00bb4.19.4&Prime; _module_preset=\u00a0\u00bbdefault\u00a0\u00bb global_colors_info=\u00a0\u00bb{}\u00a0\u00bb][\/et_pb_column][\/et_pb_row][\/et_pb_section][et_pb_section fb_built=\u00a0\u00bb1&Prime; disabled_on=\u00a0\u00bbon|on|on\u00a0\u00bb _builder_version=\u00a0\u00bb4.21.0&Prime; _module_preset=\u00a0\u00bbdefault\u00a0\u00bb custom_padding=\u00a0\u00bb0px||0px||false|false\u00a0\u00bb disabled=\u00a0\u00bbon\u00a0\u00bb global_colors_info=\u00a0\u00bb{}\u00a0\u00bb][et_pb_row _builder_version=\u00a0\u00bb4.19.4&Prime; _module_preset=\u00a0\u00bbdefault\u00a0\u00bb max_width=\u00a0\u00bb1440px\u00a0\u00bb global_colors_info=\u00a0\u00bb{}\u00a0\u00bb][et_pb_column type=\u00a0\u00bb4_4&Prime; _builder_version=\u00a0\u00bb4.19.4&Prime; _module_preset=\u00a0\u00bbdefault\u00a0\u00bb global_colors_info=\u00a0\u00bb{}\u00a0\u00bb][et_pb_divider color=\u00a0\u00bb#0c0000&Prime; divider_position=\u00a0\u00bbcenter\u00a0\u00bb divider_weight=\u00a0\u00bb2px\u00a0\u00bb _builder_version=\u00a0\u00bb4.19.4&Prime; _module_preset=\u00a0\u00bbdefault\u00a0\u00bb module_alignment=\u00a0\u00bbcenter\u00a0\u00bb global_colors_info=\u00a0\u00bb{}\u00a0\u00bb][\/et_pb_divider][\/et_pb_column][\/et_pb_row][\/et_pb_section][et_pb_section fb_built=\u00a0\u00bb1&Prime; disabled_on=\u00a0\u00bbon|on|on\u00a0\u00bb _builder_version=\u00a0\u00bb4.21.0&Prime; _module_preset=\u00a0\u00bbdefault\u00a0\u00bb disabled=\u00a0\u00bbon\u00a0\u00bb global_colors_info=\u00a0\u00bb{}\u00a0\u00bb][et_pb_row _builder_version=\u00a0\u00bb4.19.4&Prime; _module_preset=\u00a0\u00bbdefault\u00a0\u00bb custom_padding=\u00a0\u00bb0px||0px||false|false\u00a0\u00bb scroll_fade_enable=\u00a0\u00bbon\u00a0\u00bb scroll_fade=\u00a0\u00bb0|50|50|50|0|100|100&Prime; global_colors_info=\u00a0\u00bb{}\u00a0\u00bb][et_pb_column type=\u00a0\u00bb4_4&Prime; _builder_version=\u00a0\u00bb4.19.4&Prime; _module_preset=\u00a0\u00bbdefault\u00a0\u00bb global_colors_info=\u00a0\u00bb{}\u00a0\u00bb][et_pb_text _builder_version=\u00a0\u00bb4.19.4&Prime; _module_preset=\u00a0\u00bbdefault\u00a0\u00bb header_font=\u00a0\u00bb|700|||||||\u00a0\u00bb header_text_align=\u00a0\u00bbcenter\u00a0\u00bb header_text_color=\u00a0\u00bb#00b1f0&Prime; header_font_size=\u00a0\u00bb38px\u00a0\u00bb header_2_font=\u00a0\u00bb|700|||||||\u00a0\u00bb header_2_text_align=\u00a0\u00bbcenter\u00a0\u00bb header_2_text_color=\u00a0\u00bb#000000&Prime; header_2_font_size=\u00a0\u00bb30px\u00a0\u00bb header_5_text_align=\u00a0\u00bbcenter\u00a0\u00bb header_5_text_color=\u00a0\u00bb#FFFFFF\u00a0\u00bb header_5_font_size=\u00a0\u00bb20px\u00a0\u00bb header_5_line_height=\u00a0\u00bb1.3em\u00a0\u00bb custom_margin=\u00a0\u00bb||0px||false|false\u00a0\u00bb locked=\u00a0\u00bboff\u00a0\u00bb global_colors_info=\u00a0\u00bb{}\u00a0\u00bb]<\/p>\n<h2>SP\u00c9CIALISTES<\/h2>\n<p>[\/et_pb_text][\/et_pb_column][\/et_pb_row][et_pb_row column_structure=\u00a0\u00bb1_3,1_3,1_3&Prime; use_custom_gutter=\u00a0\u00bbon\u00a0\u00bb gutter_width=\u00a0\u00bb2&Prime; make_equal=\u00a0\u00bbon\u00a0\u00bb _builder_version=\u00a0\u00bb4.19.4&Prime; _module_preset=\u00a0\u00bbdefault\u00a0\u00bb scroll_fade_enable=\u00a0\u00bbon\u00a0\u00bb scroll_fade=\u00a0\u00bb0|50|50|50|0|100|100&Prime; global_colors_info=\u00a0\u00bb{}\u00a0\u00bb][et_pb_column type=\u00a0\u00bb1_3&Prime; _builder_version=\u00a0\u00bb4.19.4&Prime; _module_preset=\u00a0\u00bbdefault\u00a0\u00bb global_colors_info=\u00a0\u00bb{}\u00a0\u00bb][et_pb_image src=\u00a0\u00bbhttps:\/\/rexfabold.excite.cloud\/wp-content\/uploads\/2023\/04\/patrick-joubert.jpg\u00a0\u00bb alt=\u00a0\u00bbPatrick Joubert\u00a0\u00bb title_text=\u00a0\u00bbPatrick Joubert\u00a0\u00bb force_fullwidth=\u00a0\u00bbon\u00a0\u00bb _builder_version=\u00a0\u00bb4.20.4&Prime; _module_preset=\u00a0\u00bbdefault\u00a0\u00bb global_colors_info=\u00a0\u00bb{}\u00a0\u00bb][\/et_pb_image][et_pb_text _builder_version=\u00a0\u00bb4.20.4&Prime; _module_preset=\u00a0\u00bbdefault\u00a0\u00bb header_5_font=\u00a0\u00bb|700|||||||\u00a0\u00bb header_5_font_size=\u00a0\u00bb20px\u00a0\u00bb header_6_font_size=\u00a0\u00bb16px\u00a0\u00bb custom_padding=\u00a0\u00bb14px||||false|false\u00a0\u00bb locked=\u00a0\u00bboff\u00a0\u00bb global_colors_info=\u00a0\u00bb{}\u00a0\u00bb]<\/p>\n<h5><span>Patrick Joubert<\/span><\/h5>\n<h6><span>DIRECTEUR DE GESTION DE PROJETS<\/span><\/h6>\n<p><span>Patrick poss\u00e8de plus de 20 ans d&rsquo;exp\u00e9rience dans la gestion de projets et d&rsquo;\u00e9quipes. Son engagement est de travailler avec les clients pour livrer des projets qui r\u00e9pondront \u00e0 leurs attentes. Ils seront g\u00e9r\u00e9s gr\u00e2ce \u00e0 son leadership ainsi qu\u2019une bonne communication.<\/span><\/p>\n<p>[\/et_pb_text][\/et_pb_column][et_pb_column type=\u00a0\u00bb1_3&Prime; _builder_version=\u00a0\u00bb4.19.4&Prime; _module_preset=\u00a0\u00bbdefault\u00a0\u00bb global_colors_info=\u00a0\u00bb{}\u00a0\u00bb][et_pb_image src=\u00a0\u00bbhttps:\/\/rexfabold.excite.cloud\/wp-content\/uploads\/2022\/12\/richard-robertge.png\u00a0\u00bb alt=\u00a0\u00bbRichard Roberge<br \/>\n\u00a0\u00bb title_text=\u00a0\u00bbRichard Roberge\u00a0\u00bb force_fullwidth=\u00a0\u00bbon\u00a0\u00bb _builder_version=\u00a0\u00bb4.19.4&Prime; _module_preset=\u00a0\u00bbdefault\u00a0\u00bb global_colors_info=\u00a0\u00bb{}\u00a0\u00bb][\/et_pb_image][et_pb_text _builder_version=\u00a0\u00bb4.20.4&Prime; _module_preset=\u00a0\u00bbdefault\u00a0\u00bb header_5_font=\u00a0\u00bb|700|||||||\u00a0\u00bb header_5_font_size=\u00a0\u00bb20px\u00a0\u00bb header_6_font_size=\u00a0\u00bb16px\u00a0\u00bb custom_padding=\u00a0\u00bb14px||||false|false\u00a0\u00bb locked=\u00a0\u00bboff\u00a0\u00bb global_colors_info=\u00a0\u00bb{}\u00a0\u00bb]<\/p>\n<h5>Richard Roberge<\/h5>\n<h6>CHEF D\u2019\u00c9QUIPE DE SERVICE ET D\u2019INSTALLATION<\/h6>\n<p>Le professionnalisme et l\u2019ing\u00e9niosit\u00e9 de Richard sont pr\u00e9sents dans tous nos projets. Sa d\u00e9termination procure des installations en douceur.<\/p>\n<p>[\/et_pb_text][\/et_pb_column][et_pb_column type=\u00a0\u00bb1_3&Prime; _builder_version=\u00a0\u00bb4.19.4&Prime; _module_preset=\u00a0\u00bbdefault\u00a0\u00bb global_colors_info=\u00a0\u00bb{}\u00a0\u00bb][et_pb_image src=\u00a0\u00bbhttps:\/\/rexfabold.excite.cloud\/wp-content\/uploads\/2022\/12\/staff-pierre-dionne.jpg\u00a0\u00bb alt=\u00a0\u00bbPierre Dionne, Ing., P.Eng.\u00a0\u00bb title_text=\u00a0\u00bbPierre Dionne, Ing., P.Eng.\u00a0\u00bb align=\u00a0\u00bbcenter\u00a0\u00bb _builder_version=\u00a0\u00bb4.19.4&Prime; _module_preset=\u00a0\u00bbdefault\u00a0\u00bb global_colors_info=\u00a0\u00bb{}\u00a0\u00bb][\/et_pb_image][et_pb_text _builder_version=\u00a0\u00bb4.20.4&Prime; _module_preset=\u00a0\u00bbdefault\u00a0\u00bb header_5_font=\u00a0\u00bb|700|||||||\u00a0\u00bb header_5_font_size=\u00a0\u00bb20px\u00a0\u00bb header_6_font_size=\u00a0\u00bb16px\u00a0\u00bb custom_padding=\u00a0\u00bb14px||||false|false\u00a0\u00bb locked=\u00a0\u00bboff\u00a0\u00bb global_colors_info=\u00a0\u00bb{}\u00a0\u00bb]<\/p>\n<h5>Pierre Dionne, Ing.<\/h5>\n<h6>GESTIONNAIRE DE PROJET<\/h6>\n<p>Pierre est ing\u00e9nieur m\u00e9canique depuis plus de 30 ans. Il est est fier de son souci du d\u00e9tail et de son service client exceptionnel.<\/p>\n<p>[\/et_pb_text][\/et_pb_column][\/et_pb_row][et_pb_row column_structure=\u00a0\u00bb1_3,1_3,1_3&Prime; use_custom_gutter=\u00a0\u00bbon\u00a0\u00bb gutter_width=\u00a0\u00bb2&Prime; make_equal=\u00a0\u00bbon\u00a0\u00bb _builder_version=\u00a0\u00bb4.19.4&Prime; _module_preset=\u00a0\u00bbdefault\u00a0\u00bb scroll_fade_enable=\u00a0\u00bbon\u00a0\u00bb scroll_fade=\u00a0\u00bb0|50|50|50|0|100|100&Prime; global_colors_info=\u00a0\u00bb{}\u00a0\u00bb][et_pb_column type=\u00a0\u00bb1_3&Prime; _builder_version=\u00a0\u00bb4.19.4&Prime; _module_preset=\u00a0\u00bbdefault\u00a0\u00bb global_colors_info=\u00a0\u00bb{}\u00a0\u00bb][et_pb_image src=\u00a0\u00bbhttps:\/\/rexfabold.excite.cloud\/wp-content\/uploads\/2022\/12\/jean-francois-robert.webp\u00a0\u00bb alt=\u00a0\u00bbJean-Fran\u00e7ois Robert, P.Eng.\u00a0\u00bb title_text=\u00a0\u00bbJean-Fran\u00e7ois Robert, P.Eng.\u00a0\u00bb align=\u00a0\u00bbcenter\u00a0\u00bb _builder_version=\u00a0\u00bb4.19.4&Prime; _module_preset=\u00a0\u00bbdefault\u00a0\u00bb global_colors_info=\u00a0\u00bb{}\u00a0\u00bb][\/et_pb_image][et_pb_text _builder_version=\u00a0\u00bb4.20.4&Prime; _module_preset=\u00a0\u00bbdefault\u00a0\u00bb header_5_font=\u00a0\u00bb|700|||||||\u00a0\u00bb header_5_font_size=\u00a0\u00bb20px\u00a0\u00bb header_6_font_size=\u00a0\u00bb16px\u00a0\u00bb custom_padding=\u00a0\u00bb14px||||false|false\u00a0\u00bb locked=\u00a0\u00bboff\u00a0\u00bb global_colors_info=\u00a0\u00bb{}\u00a0\u00bb]<\/p>\n<h5>Jean-Fran\u00e7ois Robert, Ing.<\/h5>\n<h6>GESTIONNAIRE DE PROJET<\/h6>\n<p>Jean-Fran\u00e7ois apporte structure et aisance \u00e0 un projet. Il conna\u00eet les enjeux d\u2019un gros projet et comprend qu\u2019il est parfois plus facile de d\u00e9crocher un t\u00e9l\u00e9phone que d\u2019envoyer un courriel.<\/p>\n<p>[\/et_pb_text][\/et_pb_column][et_pb_column type=\u00a0\u00bb1_3&Prime; _builder_version=\u00a0\u00bb4.19.4&Prime; _module_preset=\u00a0\u00bbdefault\u00a0\u00bb global_colors_info=\u00a0\u00bb{}\u00a0\u00bb][et_pb_image src=\u00a0\u00bbhttps:\/\/rexfabold.excite.cloud\/wp-content\/uploads\/2022\/12\/staff-nicolas-croteau-1.webp\u00a0\u00bb alt=\u00a0\u00bbNicolas Croteau\u00a0\u00bb title_text=\u00a0\u00bbstaff-nicolas-croteau-1&Prime; align=\u00a0\u00bbcenter\u00a0\u00bb _builder_version=\u00a0\u00bb4.19.4&Prime; _module_preset=\u00a0\u00bbdefault\u00a0\u00bb global_colors_info=\u00a0\u00bb{}\u00a0\u00bb][\/et_pb_image][et_pb_text _builder_version=\u00a0\u00bb4.20.4&Prime; _module_preset=\u00a0\u00bbdefault\u00a0\u00bb header_5_font=\u00a0\u00bb|700|||||||\u00a0\u00bb header_5_font_size=\u00a0\u00bb20px\u00a0\u00bb header_6_font_size=\u00a0\u00bb16px\u00a0\u00bb custom_padding=\u00a0\u00bb14px||||false|false\u00a0\u00bb locked=\u00a0\u00bboff\u00a0\u00bb global_colors_info=\u00a0\u00bb{}\u00a0\u00bb]<\/p>\n<h5>Nicolas Croteau<\/h5>\n<h6>RESPONSABLE DU SUPPORT AUX VENTES<\/h6>\n<p>Depuis 1999, Nicolas a occup\u00e9 de nombreux postes chez Rexfab. Il poss\u00e8de une solide formation en ing\u00e9nierie et une exp\u00e9rience exceptionnelle qu&rsquo;il met au service des boulangeries en cr\u00e9ant des solutions cr\u00e9atives pour leurs besoins.<\/p>\n<p>[\/et_pb_text][\/et_pb_column][et_pb_column type=\u00a0\u00bb1_3&Prime; _builder_version=\u00a0\u00bb4.19.4&Prime; _module_preset=\u00a0\u00bbdefault\u00a0\u00bb global_colors_info=\u00a0\u00bb{}\u00a0\u00bb][et_pb_image src=\u00a0\u00bbhttps:\/\/rexfabold.excite.cloud\/wp-content\/uploads\/2022\/12\/staff-pierre-etiene.jpg\u00a0\u00bb alt=\u00a0\u00bbPierre-\u00c9tienne Bourret, P.Eng., M.A.Sc.\u00a0\u00bb title_text=\u00a0\u00bbPierre-\u00c9tienne Bourret, P.Eng., M.A.Sc.\u00a0\u00bb align=\u00a0\u00bbcenter\u00a0\u00bb _builder_version=\u00a0\u00bb4.19.4&Prime; _module_preset=\u00a0\u00bbdefault\u00a0\u00bb global_colors_info=\u00a0\u00bb{}\u00a0\u00bb][\/et_pb_image][et_pb_text _builder_version=\u00a0\u00bb4.20.4&Prime; _module_preset=\u00a0\u00bbdefault\u00a0\u00bb header_5_font=\u00a0\u00bb|700|||||||\u00a0\u00bb header_5_font_size=\u00a0\u00bb20px\u00a0\u00bb header_6_font_size=\u00a0\u00bb16px\u00a0\u00bb custom_padding=\u00a0\u00bb14px||||false|false\u00a0\u00bb locked=\u00a0\u00bboff\u00a0\u00bb global_colors_info=\u00a0\u00bb{}\u00a0\u00bb]<\/p>\n<h5>Pierre-\u00c9tienne Bourret, Ing., M.A.Sc.<\/h5>\n<h6>GESTIONNAIRE DE PRODUITS \/ COORDONNATEUR TECHNIQUE<\/h6>\n<p>Poss\u00e8de une capacit\u00e9 exceptionnelle \u00e0 synth\u00e9tiser toutes les exigences techniques d\u2019un projet, puis \u00e0 planifier un parcours r\u00e9ussi pour mener \u00e0 bien le projet.<\/p>\n<p>[\/et_pb_text][\/et_pb_column][\/et_pb_row][et_pb_row column_structure=\u00a0\u00bb1_3,1_3,1_3&Prime; use_custom_gutter=\u00a0\u00bbon\u00a0\u00bb gutter_width=\u00a0\u00bb2&Prime; make_equal=\u00a0\u00bbon\u00a0\u00bb _builder_version=\u00a0\u00bb4.19.4&Prime; _module_preset=\u00a0\u00bbdefault\u00a0\u00bb scroll_fade_enable=\u00a0\u00bbon\u00a0\u00bb scroll_fade=\u00a0\u00bb0|50|50|50|0|100|100&Prime; global_colors_info=\u00a0\u00bb{}\u00a0\u00bb][et_pb_column type=\u00a0\u00bb1_3&Prime; _builder_version=\u00a0\u00bb4.19.4&Prime; _module_preset=\u00a0\u00bbdefault\u00a0\u00bb global_colors_info=\u00a0\u00bb{}\u00a0\u00bb][et_pb_image src=\u00a0\u00bbhttps:\/\/rexfabold.excite.cloud\/wp-content\/uploads\/2022\/12\/staff-maxime-jannelle.jpg\u00a0\u00bb alt=\u00a0\u00bbMaxime Jannelle, P.Eng.\u00a0\u00bb title_text=\u00a0\u00bbMaxime Jannelle, P.Eng.\u00a0\u00bb align=\u00a0\u00bbcenter\u00a0\u00bb _builder_version=\u00a0\u00bb4.19.4&Prime; _module_preset=\u00a0\u00bbdefault\u00a0\u00bb global_colors_info=\u00a0\u00bb{}\u00a0\u00bb][\/et_pb_image][et_pb_text _builder_version=\u00a0\u00bb4.20.4&Prime; _module_preset=\u00a0\u00bbdefault\u00a0\u00bb header_5_font=\u00a0\u00bb|700|||||||\u00a0\u00bb header_5_font_size=\u00a0\u00bb20px\u00a0\u00bb header_6_font_size=\u00a0\u00bb16px\u00a0\u00bb custom_padding=\u00a0\u00bb14px||||false|false\u00a0\u00bb locked=\u00a0\u00bboff\u00a0\u00bb global_colors_info=\u00a0\u00bb{}\u00a0\u00bb]<\/p>\n<h5>Maxime Jannelle, Ing.<\/h5>\n<h6>CHEF DE PRODUIT \/ COORDONNATEUR TECHNIQUE<\/h6>\n<p>Maxime est un expert dans la recherche de solutions pour des probl\u00e8mes complexes. Il poss\u00e8de une vaste exp\u00e9rience dans de nombreux secteurs manufacturiers, ainsi qu\u2019un esprit analytique, de la cr\u00e9ativit\u00e9 et une approche pratique du travail.<\/p>\n<p>[\/et_pb_text][\/et_pb_column][et_pb_column type=\u00a0\u00bb1_3&Prime; _builder_version=\u00a0\u00bb4.19.4&Prime; _module_preset=\u00a0\u00bbdefault\u00a0\u00bb global_colors_info=\u00a0\u00bb{}\u00a0\u00bb][et_pb_image src=\u00a0\u00bbhttps:\/\/rexfabold.excite.cloud\/wp-content\/uploads\/2022\/12\/staff-raphael-proulx-1.jpg\u00a0\u00bb alt=\u00a0\u00bbRapha\u00ebl Proulx, P.Eng.\u00a0\u00bb title_text=\u00a0\u00bbRapha\u00ebl Proulx, P.Eng.\u00a0\u00bb align=\u00a0\u00bbcenter\u00a0\u00bb _builder_version=\u00a0\u00bb4.19.4&Prime; _module_preset=\u00a0\u00bbdefault\u00a0\u00bb global_colors_info=\u00a0\u00bb{}\u00a0\u00bb][\/et_pb_image][et_pb_text _builder_version=\u00a0\u00bb4.20.4&Prime; _module_preset=\u00a0\u00bbdefault\u00a0\u00bb header_5_font=\u00a0\u00bb|700|||||||\u00a0\u00bb header_5_font_size=\u00a0\u00bb20px\u00a0\u00bb header_6_font_size=\u00a0\u00bb16px\u00a0\u00bb custom_padding=\u00a0\u00bb14px||||false|false\u00a0\u00bb locked=\u00a0\u00bboff\u00a0\u00bb global_colors_info=\u00a0\u00bb{}\u00a0\u00bb]<\/p>\n<h5>Rapha\u00ebl Proulx, Ing.<\/h5>\n<h6>GESTIONNAIRE DE PRODUITS \/ COORDONNATEUR TECHNIQUE<\/h6>\n<p>Rapha\u00ebl est sp\u00e9cialis\u00e9 dans la conception d\u2019\u00e9quipements pour l\u2019industrie de la boulangerie. C\u2019est un leader motivant qui comprend tous les aspects de la s\u00e9curit\u00e9, de l\u2019assainissement et des op\u00e9rations.<\/p>\n<p>[\/et_pb_text][\/et_pb_column][et_pb_column type=\u00a0\u00bb1_3&Prime; _builder_version=\u00a0\u00bb4.19.4&Prime; _module_preset=\u00a0\u00bbdefault\u00a0\u00bb global_colors_info=\u00a0\u00bb{}\u00a0\u00bb][et_pb_image src=\u00a0\u00bbhttps:\/\/rexfabold.excite.cloud\/wp-content\/uploads\/2022\/12\/Phillip-Cote.webp\u00a0\u00bb alt=\u00a0\u00bbPhilippe C\u00f4t\u00e9, P.ENG.\u00a0\u00bb title_text=\u00a0\u00bbPhilippe C\u00f4t\u00e9, P.ENG.\u00a0\u00bb align=\u00a0\u00bbcenter\u00a0\u00bb _builder_version=\u00a0\u00bb4.19.4&Prime; _module_preset=\u00a0\u00bbdefault\u00a0\u00bb global_colors_info=\u00a0\u00bb{}\u00a0\u00bb][\/et_pb_image][et_pb_text _builder_version=\u00a0\u00bb4.20.4&Prime; _module_preset=\u00a0\u00bbdefault\u00a0\u00bb header_5_font=\u00a0\u00bb|700|||||||\u00a0\u00bb header_5_font_size=\u00a0\u00bb20px\u00a0\u00bb header_6_font_size=\u00a0\u00bb16px\u00a0\u00bb custom_padding=\u00a0\u00bb14px||||false|false\u00a0\u00bb locked=\u00a0\u00bboff\u00a0\u00bb global_colors_info=\u00a0\u00bb{}\u00a0\u00bb]<\/p>\n<h5>Philippe C\u00f4t\u00e9, Ing.<\/h5>\n<h6>GESTIONNAIRE DE PROJET<\/h6>\n<p>Fort de son exp\u00e9rience en conception m\u00e9canique et contr\u00f4le de qualit\u00e9, Philippe a d\u00e9velopp\u00e9 un excellent esprit critique et de d\u00e9brouillardise. La collaboration \u00e9troite avec les clients est sa partie pr\u00e9f\u00e9r\u00e9e de son travail.<\/p>\n<p>[\/et_pb_text][\/et_pb_column][\/et_pb_row][et_pb_row column_structure=\u00a0\u00bb1_3,1_3,1_3&Prime; use_custom_gutter=\u00a0\u00bbon\u00a0\u00bb gutter_width=\u00a0\u00bb2&Prime; make_equal=\u00a0\u00bbon\u00a0\u00bb _builder_version=\u00a0\u00bb4.19.4&Prime; _module_preset=\u00a0\u00bbdefault\u00a0\u00bb scroll_fade_enable=\u00a0\u00bbon\u00a0\u00bb scroll_fade=\u00a0\u00bb0|50|50|50|0|100|100&Prime; global_colors_info=\u00a0\u00bb{}\u00a0\u00bb][et_pb_column type=\u00a0\u00bb1_3&Prime; _builder_version=\u00a0\u00bb4.19.4&Prime; _module_preset=\u00a0\u00bbdefault\u00a0\u00bb global_colors_info=\u00a0\u00bb{}\u00a0\u00bb][et_pb_image src=\u00a0\u00bbhttps:\/\/rexfabold.excite.cloud\/wp-content\/uploads\/2022\/12\/kevin-williams.webp\u00a0\u00bb alt=\u00a0\u00bbKevin Williams\u00a0\u00bb title_text=\u00a0\u00bbKevin Williams\u00a0\u00bb align=\u00a0\u00bbcenter\u00a0\u00bb _builder_version=\u00a0\u00bb4.19.4&Prime; _module_preset=\u00a0\u00bbdefault\u00a0\u00bb global_colors_info=\u00a0\u00bb{}\u00a0\u00bb][\/et_pb_image][et_pb_text _builder_version=\u00a0\u00bb4.20.4&Prime; _module_preset=\u00a0\u00bbdefault\u00a0\u00bb header_5_font=\u00a0\u00bb|700|||||||\u00a0\u00bb header_5_font_size=\u00a0\u00bb20px\u00a0\u00bb header_6_font_size=\u00a0\u00bb16px\u00a0\u00bb custom_padding=\u00a0\u00bb14px||||false|false\u00a0\u00bb locked=\u00a0\u00bboff\u00a0\u00bb global_colors_info=\u00a0\u00bb{}\u00a0\u00bb]<\/p>\n<h5>Kevin Williams<\/h5>\n<h6>GESTIONNAIRE DE PROJET \u00c9.-U.<\/h6>\n<p>Kevin est un professionnel en entretien de boulangerie depuis plus de 20 ans qui dirige des \u00e9quipes de gestion et de projets avec un focus sur la salubrit\u00e9 alimentaire et la qualit\u00e9 des aliments.<\/p>\n<p>[\/et_pb_text][\/et_pb_column][et_pb_column type=\u00a0\u00bb1_3&Prime; _builder_version=\u00a0\u00bb4.19.4&Prime; _module_preset=\u00a0\u00bbdefault\u00a0\u00bb global_colors_info=\u00a0\u00bb{}\u00a0\u00bb][et_pb_image src=\u00a0\u00bbhttps:\/\/rexfabold.excite.cloud\/wp-content\/uploads\/2022\/12\/staff-yan-morin.jpg\u00a0\u00bb alt=\u00a0\u00bbYan Morin, P. Eng.\u00a0\u00bb title_text=\u00a0\u00bbYan Morin, P. Eng.\u00a0\u00bb force_fullwidth=\u00a0\u00bbon\u00a0\u00bb _builder_version=\u00a0\u00bb4.19.4&Prime; _module_preset=\u00a0\u00bbdefault\u00a0\u00bb global_colors_info=\u00a0\u00bb{}\u00a0\u00bb][\/et_pb_image][et_pb_text _builder_version=\u00a0\u00bb4.20.4&Prime; _module_preset=\u00a0\u00bbdefault\u00a0\u00bb header_5_font=\u00a0\u00bb|700|||||||\u00a0\u00bb header_5_font_size=\u00a0\u00bb20px\u00a0\u00bb header_6_font_size=\u00a0\u00bb16px\u00a0\u00bb custom_padding=\u00a0\u00bb14px||||false|false\u00a0\u00bb locked=\u00a0\u00bboff\u00a0\u00bb global_colors_info=\u00a0\u00bb{}\u00a0\u00bb]<\/p>\n<h5>Yan Morin, Ing.<\/h5>\n<h6>DIRECTEUR DE L\u2019ING\u00c9NIERIE<\/h6>\n<p>L\u2019approche pratique de Yan lui permet de bien comprendre les r\u00e9alit\u00e9s d\u2019un environnement de boulangerie. Il travaille chex Rexfab depuis 2013.<\/p>\n<p>[\/et_pb_text][\/et_pb_column][et_pb_column type=\u00a0\u00bb1_3&Prime; _builder_version=\u00a0\u00bb4.19.4&Prime; _module_preset=\u00a0\u00bbdefault\u00a0\u00bb global_colors_info=\u00a0\u00bb{}\u00a0\u00bb][\/et_pb_column][\/et_pb_row][\/et_pb_section][et_pb_section fb_built=\u00a0\u00bb1&Prime; disabled_on=\u00a0\u00bboff|off|off\u00a0\u00bb _builder_version=\u00a0\u00bb4.19.3&Prime; _module_preset=\u00a0\u00bbdefault\u00a0\u00bb background_color=\u00a0\u00bb#00a8e1&Prime; use_background_color_gradient=\u00a0\u00bbon\u00a0\u00bb background_color_gradient_stops=\u00a0\u00bb#000000 0%|#5b5b5b 100%\u00a0\u00bb custom_padding=\u00a0\u00bb0px||0px||false|false\u00a0\u00bb locked=\u00a0\u00bboff\u00a0\u00bb global_colors_info=\u00a0\u00bb{}\u00a0\u00bb][et_pb_row _builder_version=\u00a0\u00bb4.19.4&Prime; _module_preset=\u00a0\u00bbdefault\u00a0\u00bb width_tablet=\u00a0\u00bb100%\u00a0\u00bb width_phone=\u00a0\u00bb100%\u00a0\u00bb width_last_edited=\u00a0\u00bbon|phone\u00a0\u00bb global_colors_info=\u00a0\u00bb{}\u00a0\u00bb][et_pb_column type=\u00a0\u00bb4_4&Prime; _builder_version=\u00a0\u00bb4.19.3&Prime; _module_preset=\u00a0\u00bbdefault\u00a0\u00bb global_colors_info=\u00a0\u00bb{}\u00a0\u00bb][et_pb_text _builder_version=\u00a0\u00bb4.21.0&Prime; _module_preset=\u00a0\u00bbdefault\u00a0\u00bb header_font=\u00a0\u00bb|700|||||||\u00a0\u00bb header_text_align=\u00a0\u00bbcenter\u00a0\u00bb header_text_color=\u00a0\u00bb#00b1f0&Prime; header_font_size=\u00a0\u00bb38px\u00a0\u00bb header_2_font=\u00a0\u00bb|700|||||||\u00a0\u00bb header_2_text_align=\u00a0\u00bbcenter\u00a0\u00bb header_2_text_color=\u00a0\u00bb#ffffff\u00a0\u00bb header_2_font_size=\u00a0\u00bb30px\u00a0\u00bb header_5_text_align=\u00a0\u00bbcenter\u00a0\u00bb header_5_text_color=\u00a0\u00bb#FFFFFF\u00a0\u00bb header_5_font_size=\u00a0\u00bb20px\u00a0\u00bb header_5_line_height=\u00a0\u00bb1.3em\u00a0\u00bb max_width=\u00a0\u00bb70%\u00a0\u00bb max_width_tablet=\u00a0\u00bb100%\u00a0\u00bb max_width_phone=\u00a0\u00bb100%\u00a0\u00bb max_width_last_edited=\u00a0\u00bbon|phone\u00a0\u00bb module_alignment=\u00a0\u00bbcenter\u00a0\u00bb custom_margin=\u00a0\u00bb||0px||false|false\u00a0\u00bb custom_padding=\u00a0\u00bb|24px|0px|24px|false|true\u00a0\u00bb header_2_font_size_tablet=\u00a0\u00bb26px\u00a0\u00bb header_2_font_size_phone=\u00a0\u00bb26px\u00a0\u00bb header_2_font_size_last_edited=\u00a0\u00bbon|phone\u00a0\u00bb global_colors_info=\u00a0\u00bb{}\u00a0\u00bb]<\/p>\n<h2>Probl\u00e8mes de service (pas d&rsquo;urgences)<\/h2>\n<p>[\/et_pb_text][et_pb_code _builder_version=\u00a0\u00bb4.19.4&Prime; _module_preset=\u00a0\u00bbdefault\u00a0\u00bb text_orientation=\u00a0\u00bbcenter\u00a0\u00bb global_colors_info=\u00a0\u00bb{}\u00a0\u00bb]<\/p>\n<div id=\"zf_div_lVTa1dU4iPSfhc3v9Ub6yq4Vjyeh7ghhc9wxjj4PQHk\"><\/div>\n<p><script type=\"text\/javascript\">(function() {<!-- [et_pb_line_break_holder] -->try{<!-- [et_pb_line_break_holder] -->var f = document.createElement(\"iframe\");<!-- [et_pb_line_break_holder] -->f.src = 'https:\/\/forms.zohopublic.com\/rexfab1\/form\/ContactFormSeerviceFR\/formperma\/lVTa1dU4iPSfhc3v9Ub6yq4Vjyeh7ghhc9wxjj4PQHk?zf_rszfm=1';<!-- [et_pb_line_break_holder] --><!-- [et_pb_line_break_holder] -->f.style.border=\"none\";<!-- [et_pb_line_break_holder] -->f.style.height=\"1354px\";<!-- [et_pb_line_break_holder] -->f.style.width=\"90%\";<!-- [et_pb_line_break_holder] -->f.style.transition=\"all 0.5s ease\";<!-- [et_pb_line_break_holder] -->var d = document.getElementById(\"zf_div_lVTa1dU4iPSfhc3v9Ub6yq4Vjyeh7ghhc9wxjj4PQHk\");<!-- [et_pb_line_break_holder] -->d.appendChild(f);<!-- [et_pb_line_break_holder] -->window.addEventListener('message', function (){<!-- [et_pb_line_break_holder] -->var evntData = event.data;<!-- [et_pb_line_break_holder] -->if( evntData && evntData.constructor == String ){<!-- [et_pb_line_break_holder] -->var zf_ifrm_data = evntData.split(\"|\");<!-- [et_pb_line_break_holder] -->if ( zf_ifrm_data.length == 2 ) {<!-- [et_pb_line_break_holder] -->var zf_perma = zf_ifrm_data[0];<!-- [et_pb_line_break_holder] -->var zf_ifrm_ht_nw = ( parseInt(zf_ifrm_data[1], 10) + 15 ) + \"px\";<!-- [et_pb_line_break_holder] -->var iframe = document.getElementById(\"zf_div_lVTa1dU4iPSfhc3v9Ub6yq4Vjyeh7ghhc9wxjj4PQHk\").getElementsByTagName(\"iframe\")[0];<!-- [et_pb_line_break_holder] -->if ( (iframe.src).indexOf('formperma') > 0 && (iframe.src).indexOf(zf_perma) > 0 ) {<!-- [et_pb_line_break_holder] -->var prevIframeHeight = iframe.style.height;<!-- [et_pb_line_break_holder] -->if ( prevIframeHeight != zf_ifrm_ht_nw ) {<!-- [et_pb_line_break_holder] -->iframe.style.height = zf_ifrm_ht_nw;<!-- [et_pb_line_break_holder] -->}<!-- [et_pb_line_break_holder] -->}<!-- [et_pb_line_break_holder] -->}<!-- [et_pb_line_break_holder] -->}<!-- [et_pb_line_break_holder] -->}, false);<!-- [et_pb_line_break_holder] -->}catch(e){}<!-- [et_pb_line_break_holder] -->})();<\/script>[\/et_pb_code][\/et_pb_column][\/et_pb_row][\/et_pb_section]<\/p>\n","protected":false},"excerpt":{"rendered":"<p>Urgences &#8211; appelez ce num\u00e9ro : +1-819-846-4490, option 3ENGAG\u00c9S \u00c0 AVOIR ET RESPECTER LA CONFIANCE DE NOS CLIENTSNous souhaitons automatiser tous nos secteurs d&rsquo;activit\u00e9s, sauf un : le service. En tant que partenaire engag\u00e9, nos priorit\u00e9s sont les connexions et interactions humaines et non pas les syst\u00e8mes de r\u00e9ponses automatiques et la messagerie vocale. Nous [&hellip;]<\/p>\n","protected":false},"author":1,"featured_media":0,"parent":0,"menu_order":0,"comment_status":"closed","ping_status":"closed","template":"","meta":{"_et_pb_use_builder":"on","_et_pb_old_content":"","_et_gb_content_width":"","footnotes":""},"class_list":["post-1171","page","type-page","status-publish","hentry"],"_links":{"self":[{"href":"https:\/\/rexfabold.excite.cloud\/fr-ca\/wp-json\/wp\/v2\/pages\/1171","targetHints":{"allow":["GET"]}}],"collection":[{"href":"https:\/\/rexfabold.excite.cloud\/fr-ca\/wp-json\/wp\/v2\/pages"}],"about":[{"href":"https:\/\/rexfabold.excite.cloud\/fr-ca\/wp-json\/wp\/v2\/types\/page"}],"author":[{"embeddable":true,"href":"https:\/\/rexfabold.excite.cloud\/fr-ca\/wp-json\/wp\/v2\/users\/1"}],"replies":[{"embeddable":true,"href":"https:\/\/rexfabold.excite.cloud\/fr-ca\/wp-json\/wp\/v2\/comments?post=1171"}],"version-history":[{"count":20,"href":"https:\/\/rexfabold.excite.cloud\/fr-ca\/wp-json\/wp\/v2\/pages\/1171\/revisions"}],"predecessor-version":[{"id":3529,"href":"https:\/\/rexfabold.excite.cloud\/fr-ca\/wp-json\/wp\/v2\/pages\/1171\/revisions\/3529"}],"wp:attachment":[{"href":"https:\/\/rexfabold.excite.cloud\/fr-ca\/wp-json\/wp\/v2\/media?parent=1171"}],"curies":[{"name":"wp","href":"https:\/\/api.w.org\/{rel}","templated":true}]}}